{"id":80,"date":"2023-12-01T12:25:11","date_gmt":"2023-12-01T12:25:11","guid":{"rendered":"https:\/\/galeriasztukiptneur.pl\/?page_id=80"},"modified":"2023-12-01T13:27:24","modified_gmt":"2023-12-01T13:27:24","slug":"moralitet-o-swietym-z-czasow-pandemii","status":"publish","type":"page","link":"https:\/\/galeriasztukiptneur.pl\/index.php\/moralitet-o-swietym-z-czasow-pandemii\/","title":{"rendered":"Moralitet o \u015bwi\u0119tym z czas\u00f3w pandemii"},"content":{"rendered":"\n<main class=\"wp-block-group is-layout-flow wp-block-group-is-layout-flow\" style=\"padding-top:var(--wp--preset--spacing--50);padding-bottom:0\">\n<div class=\"wp-block-cover alignfull is-light\" style=\"min-height:645px\"><span aria-hidden=\"true\" class=\"wp-block-cover__background has-background-dim-0 has-background-dim\"><\/span><img fetchpriority=\"high\" decoding=\"async\" width=\"1101\" height=\"1004\" class=\"wp-block-cover__image-background wp-image-10\" alt=\"\" src=\"https:\/\/galeriasztukiptneur.pl\/wp-content\/uploads\/2023\/11\/cropped-Autoportet.jpg\" style=\"object-position:46% 19%\" data-object-fit=\"cover\" data-object-position=\"46% 19%\" srcset=\"https:\/\/galeriasztukiptneur.pl\/wp-content\/uploads\/2023\/11\/cropped-Autoportet.jpg 1101w, https:\/\/galeriasztukiptneur.pl\/wp-content\/uploads\/2023\/11\/cropped-Autoportet-300x274.jpg 300w, https:\/\/galeriasztukiptneur.pl\/wp-content\/uploads\/2023\/11\/cropped-Autoportet-1024x934.jpg 1024w, https:\/\/galeriasztukiptneur.pl\/wp-content\/uploads\/2023\/11\/cropped-Autoportet-768x700.jpg 768w, https:\/\/galeriasztukiptneur.pl\/wp-content\/uploads\/2023\/11\/cropped-Autoportet-850x775.jpg 850w\" sizes=\"(max-width: 1101px) 100vw, 1101px\" \/><div class=\"wp-block-cover__inner-container is-layout-flow wp-block-cover-is-layout-flow\">\n<h2 class=\"wp-block-heading has-text-align-center has-bright-color has-text-color has-link-color wp-elements-a431ec930cbe8d7f13874133c93f4505\" style=\"padding-top:0;padding-right:8.7rem;padding-bottom:0;padding-left:8.7rem;font-size:clamp(1.092rem, 1.092rem + ((1vw - 0.2rem) * 1.105), 1.7rem);\">Wirtualna Galeria Sztuki Polskiego Towarzystwa Neuropsychologicznego imienia Profesor Marii P\u0105chalskiej<\/h2>\n<\/div><\/div>\n\n\n\n<div class=\"wp-block-group has-global-padding is-layout-constrained wp-container-core-group-layout-3 wp-block-group-is-layout-constrained\" style=\"padding-top:var(--wp--preset--spacing--60)\">\n<div class=\"wp-block-columns alignwide is-layout-flex wp-container-core-columns-layout-1 wp-block-columns-is-layout-flex\" style=\"padding-bottom:var(--wp--preset--spacing--70)\">\n<div class=\"wp-block-column is-layout-flow wp-block-column-is-layout-flow\" style=\"flex-basis:23.81%\">\n<div class=\"wp-block-group has-background has-global-padding is-layout-constrained wp-container-core-group-layout-1 wp-block-group-is-layout-constrained\" style=\"background-color:#dedede;padding-top:var(--wp--preset--spacing--60);padding-right:0;padding-bottom:var(--wp--preset--spacing--60);padding-left:0\">\n<p class=\"has-text-align-center has-small-font-size\"><strong><a href=\"https:\/\/galeriasztukiptneur.pl\/index.php\/prof-zw-dr-hab-maria-pachalska\/\"><strong>Prof. zw. dr hab. Maria P\u0105chalsk<\/strong>a<\/a><\/strong><\/p>\n<\/div>\n\n\n\n<div class=\"wp-block-group has-background has-global-padding is-layout-constrained wp-container-core-group-layout-2 wp-block-group-is-layout-constrained\" style=\"background-color:#dedede;padding-top:var(--wp--preset--spacing--60);padding-right:var(--wp--preset--spacing--60);padding-bottom:var(--wp--preset--spacing--60);padding-left:var(--wp--preset--spacing--60)\">\n<figure class=\"wp-block-image size-full\"><img decoding=\"async\" width=\"648\" height=\"772\" src=\"https:\/\/galeriasztukiptneur.pl\/wp-content\/uploads\/2023\/11\/Zrzut-ekranu-2023-12-1-o-00.21.08.png\" alt=\"\" class=\"wp-image-15\" srcset=\"https:\/\/galeriasztukiptneur.pl\/wp-content\/uploads\/2023\/11\/Zrzut-ekranu-2023-12-1-o-00.21.08.png 648w, https:\/\/galeriasztukiptneur.pl\/wp-content\/uploads\/2023\/11\/Zrzut-ekranu-2023-12-1-o-00.21.08-252x300.png 252w\" sizes=\"(max-width: 648px) 100vw, 648px\" \/><\/figure>\n\n\n\n<p style=\"margin-top:0;margin-right:0;margin-bottom:0;margin-left:0;padding-right:0;padding-left:0;font-size:clamp(14px, 0.875rem + ((1vw - 3.2px) * 0.227), 16px);\"><br><\/p>\n<\/div>\n<\/div>\n\n\n\n<div class=\"wp-block-column has-bright-color has-cyan-bluish-gray-background-color has-text-color has-background has-link-color wp-elements-2137825c9366897531e8772886e24817 is-layout-flow wp-container-core-column-layout-2 wp-block-column-is-layout-flow\" style=\"flex-basis:70%\">\n<p class=\"has-text-align-center\" style=\"padding-top:var(--wp--preset--spacing--60);padding-right:var(--wp--preset--spacing--20);padding-bottom:var(--wp--preset--spacing--60);padding-left:var(--wp--preset--spacing--20)\"><strong>Moralitet o \u015bwi\u0119tym z czas\u00f3w pandemii   <\/strong>                                                                                                 <strong>Ksi\u0119dzu Giuseppe Berardelli<\/strong><\/p>\n\n\n\n<div class=\"wp-block-media-text has-media-on-the-right is-stacked-on-mobile is-vertically-aligned-top\" style=\"padding-right:var(--wp--preset--spacing--40);padding-left:var(--wp--preset--spacing--40)\"><div class=\"wp-block-media-text__content\">\n<p>S\u0105 kataklizmy, kt\u00f3re niszcz\u0105,<br>nie maj\u0105c sensu ani celu,<br>lecz gro\u017any czas, co zmienia wszystko,<br>rodzi najwi\u0119kszych bohater\u00f3w.<br>&nbsp;<br>O cz\u0142owiecze\u0144stwie w filozofii<br>wiele s\u0142\u00f3w pad\u0142o przy herbacie,<br>ka\u017cdy si\u0119 trudzi\u0142, ka\u017cdy g\u0142owi\u0142<br>nad t\u0105 wielo\u015bci\u0105 s\u0142\u00f3w i znacze\u0144.<br>&nbsp;<br>Nie czas si\u0119 spiera\u0107 o idee,<br>bo przyjdzie nam wybiera\u0107 wkr\u00f3tce.<br>Jeden zostanie bohaterem,<br>a drugi tch\u00f3rzem, trzeci \u2013 g\u0142upcem.<br>&nbsp;<br>Wi\u0119kszo\u015b\u0107 \u017cyj\u0105cych dzi\u015b pokole\u0144<br>s\u0142ysza\u0142o tylko z opowie\u015bci,<br>jak po\u015br\u00f3d grozy wielkich wojen<br>czyn mi\u0142osierdzia m\u00f3g\u0142 si\u0119 mie\u015bci\u0107.<br>&nbsp;<br>Nowa dekada u zarania<br>katastrof przynosi bez liku,<br>ale te\u017c dobro nam ods\u0142ania,<br>daj\u0105c dzi\u015b nowych m\u0119czennik\u00f3w.<br>&nbsp;<br>Ksi\u0105dz czynem swym pokaza\u0142 pierwszy,<br>jak mo\u017cna kocha\u0107 bli\u017aniego,<br>gdy go ocali\u0142 z obj\u0119\u0107 \u015bmierci,<br>i odda\u0142 swe \u017cycie za niego.<br>&nbsp;<br>W zdradzieckich ogniskach pandemii<br>postawa ludzi b\u0119dzie kuta,<br>na dobro co \u015bwiat ca\u0142y zmieni.<br>Godzina bije teraz \u2013 tutaj.<\/p>\n\n\n\n<p><\/p>\n<\/div><figure class=\"wp-block-media-text__media\"><img decoding=\"async\" width=\"526\" height=\"298\" src=\"https:\/\/galeriasztukiptneur.pl\/wp-content\/uploads\/2023\/12\/Zrzut-ekranu-2023-12-1-o-10.57.27.png\" alt=\"\" class=\"wp-image-184 size-full\" srcset=\"https:\/\/galeriasztukiptneur.pl\/wp-content\/uploads\/2023\/12\/Zrzut-ekranu-2023-12-1-o-10.57.27.png 526w, https:\/\/galeriasztukiptneur.pl\/wp-content\/uploads\/2023\/12\/Zrzut-ekranu-2023-12-1-o-10.57.27-300x170.png 300w\" sizes=\"(max-width: 526px) 100vw, 526px\" \/><\/figure><\/div>\n\n\n\n<p style=\"padding-right:var(--wp--preset--spacing--40);padding-left:var(--wp--preset--spacing--40)\"><strong>Maria Marzena P\u0105chalska 24.03.2020<\/strong><\/p>\n\n\n\n<p style=\"padding-top:var(--wp--preset--spacing--40);padding-right:var(--wp--preset--spacing--30);padding-bottom:var(--wp--preset--spacing--40);padding-left:var(--wp--preset--spacing--30)\">Dzisiaj odszed\u0142 do domu Pana&nbsp;72-letni&nbsp;Ksi\u0105dz&nbsp;Giuseppe Berardelli.&nbsp;Mieszka\u0142 w miejscowo\u015bci Casnigo ko\u0142o Bergamo, czyli we w\u0142oskim epicentrum pandemii. Od jakiego\u015b czasu mia\u0142 k\u0142opoty ze zdrowiem. W\u0142a\u015bnie&nbsp;z tego powodu po zaka\u017ceniu koronawirusem pojawi\u0142y si\u0119 u niego powa\u017cne komplikacje, wymagaj\u0105ce pod\u0142\u0105czenia go do respiratora.&nbsp;Berardelli zrezygnowa\u0142 z ufundowanego przez parafian respiratora i poprosi\u0142 o pod\u0142\u0105czenie do niego kogo\u015b&nbsp;m\u0142odszego, kogo nie zna\u0142. Kap\u0142an zmar\u0142 w szpitalu&nbsp;w b\u00f3lach, z powodu duszno\u015bci i braku oddechu.&nbsp;W\u0142oskie media nazywaj\u0105&nbsp;czyn Berardellego &#8222;chrze\u015bcija\u0144skim heroizmem&#8221;. Jest to jeden z najwi\u0119kszych czyn\u00f3w naszych czas\u00f3w \u2013 namacalne na\u015bladowanie Chrystusa. Dzisiaj w Krakowie o 12:00 Wielki Dzwon Zygmunta wzywa do modlitwy narodowej podczas zarazy! Jednak Wielki Czyn Kap\u0142ana&nbsp;Giuseppe&nbsp;Berardellego&nbsp;jest g\u0142o\u015bniejszy \u2013 pokazuje \u015bwiatu wiar\u0119, nadziej\u0119 i mi\u0142o\u015b\u0107. Ksi\u0105dz Giuseppe&nbsp;jest prawdziwym \u015awi\u0119tym naszych czas\u00f3w.<\/p>\n<\/div>\n<\/div>\n<\/div>\n<\/main>\n","protected":false},"excerpt":{"rendered":"<p>Prof. zw. dr hab. Maria P\u0105chalska Moralitet o \u015bwi\u0119tym z czas\u00f3w pandemii Ksi\u0119dzu Giuseppe Berardelli S\u0105 kataklizmy, kt\u00f3re niszcz\u0105,nie maj\u0105c sensu ani celu,lecz gro\u017any czas, co zmienia wszystko,rodzi najwi\u0119kszych bohater\u00f3w.&nbsp;O cz\u0142owiecze\u0144stwie w filozofiiwiele s\u0142\u00f3w pad\u0142o przy herbacie,ka\u017cdy si\u0119 trudzi\u0142, ka\u017cdy g\u0142owi\u0142nad t\u0105 wielo\u015bci\u0105 s\u0142\u00f3w i znacze\u0144.&nbsp;Nie czas si\u0119 spiera\u0107 o idee,bo przyjdzie nam wybiera\u0107 wkr\u00f3tce.Jeden [&hellip;]<\/p>\n","protected":false},"author":1,"featured_media":0,"parent":0,"menu_order":0,"comment_status":"closed","ping_status":"closed","template":"","meta":{"_editorskit_title_hidden":false,"_editorskit_reading_time":0,"_editorskit_is_block_options_detached":false,"_editorskit_block_options_position":"{}","footnotes":""},"_links":{"self":[{"href":"https:\/\/galeriasztukiptneur.pl\/index.php\/wp-json\/wp\/v2\/pages\/80"}],"collection":[{"href":"https:\/\/galeriasztukiptneur.pl\/index.php\/wp-json\/wp\/v2\/pages"}],"about":[{"href":"https:\/\/galeriasztukiptneur.pl\/index.php\/wp-json\/wp\/v2\/types\/page"}],"author":[{"embeddable":true,"href":"https:\/\/galeriasztukiptneur.pl\/index.php\/wp-json\/wp\/v2\/users\/1"}],"replies":[{"embeddable":true,"href":"https:\/\/galeriasztukiptneur.pl\/index.php\/wp-json\/wp\/v2\/comments?post=80"}],"version-history":[{"count":17,"href":"https:\/\/galeriasztukiptneur.pl\/index.php\/wp-json\/wp\/v2\/pages\/80\/revisions"}],"predecessor-version":[{"id":211,"href":"https:\/\/galeriasztukiptneur.pl\/index.php\/wp-json\/wp\/v2\/pages\/80\/revisions\/211"}],"wp:attachment":[{"href":"https:\/\/galeriasztukiptneur.pl\/index.php\/wp-json\/wp\/v2\/media?parent=80"}],"curies":[{"name":"wp","href":"https:\/\/api.w.org\/{rel}","templated":true}]}}