{"id":200,"date":"2023-12-01T12:34:34","date_gmt":"2023-12-01T12:34:34","guid":{"rendered":"https:\/\/galeriasztukiptneur.pl\/?page_id=200"},"modified":"2023-12-01T13:28:09","modified_gmt":"2023-12-01T13:28:09","slug":"suplika-do-rozpaczylekarzowi-walczacemu-z-koronawirusem","status":"publish","type":"page","link":"https:\/\/galeriasztukiptneur.pl\/index.php\/suplika-do-rozpaczylekarzowi-walczacemu-z-koronawirusem\/","title":{"rendered":"Suplika do RozpaczyLekarzowi walcz\u0105cemu z koronawirusem"},"content":{"rendered":"\n<main class=\"wp-block-group is-layout-flow wp-block-group-is-layout-flow\" style=\"padding-top:var(--wp--preset--spacing--50);padding-bottom:0\">\n<div class=\"wp-block-cover alignfull is-light\" style=\"min-height:645px\"><span aria-hidden=\"true\" class=\"wp-block-cover__background has-background-dim-0 has-background-dim\"><\/span><img fetchpriority=\"high\" decoding=\"async\" width=\"1101\" height=\"1004\" class=\"wp-block-cover__image-background wp-image-10\" alt=\"\" src=\"https:\/\/galeriasztukiptneur.pl\/wp-content\/uploads\/2023\/11\/cropped-Autoportet.jpg\" style=\"object-position:46% 19%\" data-object-fit=\"cover\" data-object-position=\"46% 19%\" srcset=\"https:\/\/galeriasztukiptneur.pl\/wp-content\/uploads\/2023\/11\/cropped-Autoportet.jpg 1101w, https:\/\/galeriasztukiptneur.pl\/wp-content\/uploads\/2023\/11\/cropped-Autoportet-300x274.jpg 300w, https:\/\/galeriasztukiptneur.pl\/wp-content\/uploads\/2023\/11\/cropped-Autoportet-1024x934.jpg 1024w, https:\/\/galeriasztukiptneur.pl\/wp-content\/uploads\/2023\/11\/cropped-Autoportet-768x700.jpg 768w, https:\/\/galeriasztukiptneur.pl\/wp-content\/uploads\/2023\/11\/cropped-Autoportet-850x775.jpg 850w\" sizes=\"(max-width: 1101px) 100vw, 1101px\" \/><div class=\"wp-block-cover__inner-container is-layout-flow wp-block-cover-is-layout-flow\">\n<h2 class=\"wp-block-heading has-text-align-center has-bright-color has-text-color has-link-color wp-elements-a431ec930cbe8d7f13874133c93f4505\" style=\"padding-top:0;padding-right:8.7rem;padding-bottom:0;padding-left:8.7rem;font-size:clamp(1.092rem, 1.092rem + ((1vw - 0.2rem) * 1.105), 1.7rem);\">Wirtualna Galeria Sztuki Polskiego Towarzystwa Neuropsychologicznego imienia Profesor Marii P\u0105chalskiej<\/h2>\n<\/div><\/div>\n\n\n\n<div class=\"wp-block-group has-global-padding is-layout-constrained wp-container-core-group-layout-3 wp-block-group-is-layout-constrained\" style=\"padding-top:var(--wp--preset--spacing--60)\">\n<div class=\"wp-block-columns alignwide is-layout-flex wp-container-core-columns-layout-1 wp-block-columns-is-layout-flex\" style=\"padding-bottom:var(--wp--preset--spacing--70)\">\n<div class=\"wp-block-column is-layout-flow wp-block-column-is-layout-flow\" style=\"flex-basis:23.81%\">\n<div class=\"wp-block-group has-background has-global-padding is-layout-constrained wp-container-core-group-layout-1 wp-block-group-is-layout-constrained\" style=\"background-color:#dedede;padding-top:var(--wp--preset--spacing--60);padding-right:0;padding-bottom:var(--wp--preset--spacing--60);padding-left:0\">\n<p class=\"has-text-align-center has-small-font-size\"><strong><a href=\"https:\/\/galeriasztukiptneur.pl\/index.php\/prof-zw-dr-hab-maria-pachalska\/\"><strong>Prof. zw. dr hab. Maria P\u0105chalsk<\/strong>a<\/a><\/strong><\/p>\n<\/div>\n\n\n\n<div class=\"wp-block-group has-background has-global-padding is-layout-constrained wp-container-core-group-layout-2 wp-block-group-is-layout-constrained\" style=\"background-color:#dedede;padding-top:var(--wp--preset--spacing--60);padding-right:var(--wp--preset--spacing--60);padding-bottom:var(--wp--preset--spacing--60);padding-left:var(--wp--preset--spacing--60)\">\n<figure class=\"wp-block-image size-full\"><img decoding=\"async\" width=\"648\" height=\"772\" src=\"https:\/\/galeriasztukiptneur.pl\/wp-content\/uploads\/2023\/11\/Zrzut-ekranu-2023-12-1-o-00.21.08.png\" alt=\"\" class=\"wp-image-15\" srcset=\"https:\/\/galeriasztukiptneur.pl\/wp-content\/uploads\/2023\/11\/Zrzut-ekranu-2023-12-1-o-00.21.08.png 648w, https:\/\/galeriasztukiptneur.pl\/wp-content\/uploads\/2023\/11\/Zrzut-ekranu-2023-12-1-o-00.21.08-252x300.png 252w\" sizes=\"(max-width: 648px) 100vw, 648px\" \/><\/figure>\n\n\n\n<p style=\"margin-top:0;margin-right:0;margin-bottom:0;margin-left:0;padding-right:0;padding-left:0;font-size:clamp(14px, 0.875rem + ((1vw - 3.2px) * 0.227), 16px);\"><br><\/p>\n<\/div>\n<\/div>\n\n\n\n<div class=\"wp-block-column has-bright-color has-cyan-bluish-gray-background-color has-text-color has-background has-link-color wp-elements-551b1732a85a0d05e9a52b1ebcfd49b2 is-layout-flow wp-container-core-column-layout-2 wp-block-column-is-layout-flow\" style=\"flex-basis:70%\">\n<div class=\"wp-block-media-text has-media-on-the-right is-stacked-on-mobile is-vertically-aligned-center\" style=\"padding-right:var(--wp--preset--spacing--30);padding-left:var(--wp--preset--spacing--30);grid-template-columns:auto 47%\"><div class=\"wp-block-media-text__content\">\n<p class=\"has-text-align-center\">Suplika do Rozpaczy<br>Lekarzowi walcz\u0105cemu z koronawirusem<\/p>\n\n\n\n<p class=\"has-text-align-left\"><br>Zjawi\u0142a\u015b si\u0119 dzisiaj w zaka\u017anym oddziale,<br>gdzie brz\u0119cza\u0142 cicho jarzeni\u00f3wek zast\u0119p,<br>sukienk\u0119 twoj\u0105 pozna\u0142em z oddali<br>bia\u0142\u0105 i zimn\u0105 niczym alabaster.<\/p>\n\n\n\n<p class=\"has-text-align-left\"><br>Znam twoje imi\u0119, okrutna Rozpaczy,<br>wiem, jakie ziarno twoja w\u0142adza sieje<br>i jakim pi\u0119tnem cz\u0142owieka naznaczysz,<br>kt\u00f3ry bez s\u0142o\u0144ca niczym kwiat zmarnieje.<\/p>\n\n\n\n<p class=\"has-text-align-left\"><br>\u015awiat\u0142o Nadziei w oddali migoce<br>i raz za razem chowa si\u0119 w p\u00f3\u0142mroku,<br>gasisz je zawsze w me samotne noce,<br>gdy jeste\u015b przy mnie \u2013 i nikogo wok\u00f3\u0142.<\/p>\n\n\n\n<p class=\"has-text-align-left\"><br>Suknia twej siostry zieleni\u0105 utkana<br>z rzadka swe r\u0105bki ukazuje skromnie,<br>lecz wiem, \u017ce nad mym \u0142\u00f3\u017ckiem stanie z rana.<br>Gdy mnie utuli, Ty zapomnij o mnie.<\/p>\n\n\n\n<p class=\"has-text-align-left\"><\/p>\n<\/div><figure class=\"wp-block-media-text__media\"><img decoding=\"async\" width=\"526\" height=\"800\" src=\"https:\/\/galeriasztukiptneur.pl\/wp-content\/uploads\/2023\/12\/Zrzut-ekranu-2023-12-1-o-13.23.41.png\" alt=\"\" class=\"wp-image-196 size-full\" srcset=\"https:\/\/galeriasztukiptneur.pl\/wp-content\/uploads\/2023\/12\/Zrzut-ekranu-2023-12-1-o-13.23.41.png 526w, https:\/\/galeriasztukiptneur.pl\/wp-content\/uploads\/2023\/12\/Zrzut-ekranu-2023-12-1-o-13.23.41-197x300.png 197w\" sizes=\"(max-width: 526px) 100vw, 526px\" \/><\/figure><\/div>\n<\/div>\n<\/div>\n<\/div>\n<\/main>\n","protected":false},"excerpt":{"rendered":"<p>Prof. zw. dr hab. Maria P\u0105chalska Suplika do RozpaczyLekarzowi walcz\u0105cemu z koronawirusem Zjawi\u0142a\u015b si\u0119 dzisiaj w zaka\u017anym oddziale,gdzie brz\u0119cza\u0142 cicho jarzeni\u00f3wek zast\u0119p,sukienk\u0119 twoj\u0105 pozna\u0142em z oddalibia\u0142\u0105 i zimn\u0105 niczym alabaster. Znam twoje imi\u0119, okrutna Rozpaczy,wiem, jakie ziarno twoja w\u0142adza siejei jakim pi\u0119tnem cz\u0142owieka naznaczysz,kt\u00f3ry bez s\u0142o\u0144ca niczym kwiat zmarnieje. \u015awiat\u0142o Nadziei w oddali migocei raz [&hellip;]<\/p>\n","protected":false},"author":1,"featured_media":0,"parent":0,"menu_order":0,"comment_status":"closed","ping_status":"closed","template":"","meta":{"_editorskit_title_hidden":false,"_editorskit_reading_time":0,"_editorskit_is_block_options_detached":false,"_editorskit_block_options_position":"{}","footnotes":""},"_links":{"self":[{"href":"https:\/\/galeriasztukiptneur.pl\/index.php\/wp-json\/wp\/v2\/pages\/200"}],"collection":[{"href":"https:\/\/galeriasztukiptneur.pl\/index.php\/wp-json\/wp\/v2\/pages"}],"about":[{"href":"https:\/\/galeriasztukiptneur.pl\/index.php\/wp-json\/wp\/v2\/types\/page"}],"author":[{"embeddable":true,"href":"https:\/\/galeriasztukiptneur.pl\/index.php\/wp-json\/wp\/v2\/users\/1"}],"replies":[{"embeddable":true,"href":"https:\/\/galeriasztukiptneur.pl\/index.php\/wp-json\/wp\/v2\/comments?post=200"}],"version-history":[{"count":4,"href":"https:\/\/galeriasztukiptneur.pl\/index.php\/wp-json\/wp\/v2\/pages\/200\/revisions"}],"predecessor-version":[{"id":325,"href":"https:\/\/galeriasztukiptneur.pl\/index.php\/wp-json\/wp\/v2\/pages\/200\/revisions\/325"}],"wp:attachment":[{"href":"https:\/\/galeriasztukiptneur.pl\/index.php\/wp-json\/wp\/v2\/media?parent=200"}],"curies":[{"name":"wp","href":"https:\/\/api.w.org\/{rel}","templated":true}]}}