{"id":138,"date":"2023-12-01T13:26:45","date_gmt":"2023-12-01T13:26:45","guid":{"rendered":"https:\/\/galeriasztukiptneur.pl\/?page_id=138"},"modified":"2023-12-01T16:08:41","modified_gmt":"2023-12-01T16:08:41","slug":"prof-zw-dr-hab-maria-pachalska","status":"publish","type":"page","link":"https:\/\/galeriasztukiptneur.pl\/index.php\/prof-zw-dr-hab-maria-pachalska\/","title":{"rendered":"Prof. zw. dr hab. Maria P\u0105chalska"},"content":{"rendered":"\n<main class=\"wp-block-group is-layout-flow wp-block-group-is-layout-flow\" style=\"padding-top:var(--wp--preset--spacing--50);padding-bottom:0\">\n<div class=\"wp-block-cover alignfull is-light\" style=\"min-height:645px\"><span aria-hidden=\"true\" class=\"wp-block-cover__background has-background-dim-0 has-background-dim\"><\/span><img fetchpriority=\"high\" decoding=\"async\" width=\"1101\" height=\"1004\" class=\"wp-block-cover__image-background wp-image-10\" alt=\"\" src=\"https:\/\/galeriasztukiptneur.pl\/wp-content\/uploads\/2023\/11\/cropped-Autoportet.jpg\" style=\"object-position:46% 19%\" data-object-fit=\"cover\" data-object-position=\"46% 19%\" srcset=\"https:\/\/galeriasztukiptneur.pl\/wp-content\/uploads\/2023\/11\/cropped-Autoportet.jpg 1101w, https:\/\/galeriasztukiptneur.pl\/wp-content\/uploads\/2023\/11\/cropped-Autoportet-300x274.jpg 300w, https:\/\/galeriasztukiptneur.pl\/wp-content\/uploads\/2023\/11\/cropped-Autoportet-1024x934.jpg 1024w, https:\/\/galeriasztukiptneur.pl\/wp-content\/uploads\/2023\/11\/cropped-Autoportet-768x700.jpg 768w, https:\/\/galeriasztukiptneur.pl\/wp-content\/uploads\/2023\/11\/cropped-Autoportet-850x775.jpg 850w\" sizes=\"(max-width: 1101px) 100vw, 1101px\" \/><div class=\"wp-block-cover__inner-container is-layout-flow wp-block-cover-is-layout-flow\">\n<h2 class=\"wp-block-heading has-text-align-center has-bright-color has-text-color has-link-color wp-elements-a431ec930cbe8d7f13874133c93f4505\" style=\"padding-top:0;padding-right:8.7rem;padding-bottom:0;padding-left:8.7rem;font-size:clamp(1.092rem, 1.092rem + ((1vw - 0.2rem) * 1.105), 1.7rem);\">Wirtualna Galeria Sztuki Polskiego Towarzystwa Neuropsychologicznego imienia Profesor Marii P\u0105chalskiej<\/h2>\n<\/div><\/div>\n\n\n\n<div class=\"wp-block-group has-global-padding is-layout-constrained wp-container-core-group-layout-3 wp-block-group-is-layout-constrained\" style=\"padding-top:var(--wp--preset--spacing--60)\">\n<div class=\"wp-block-columns alignwide is-layout-flex wp-container-core-columns-layout-1 wp-block-columns-is-layout-flex\" style=\"padding-bottom:var(--wp--preset--spacing--70)\">\n<div class=\"wp-block-column is-layout-flow wp-block-column-is-layout-flow\" style=\"flex-basis:33.33%\">\n<div class=\"wp-block-group has-background has-global-padding is-layout-constrained wp-container-core-group-layout-1 wp-block-group-is-layout-constrained\" style=\"background-color:#dedede;padding-top:var(--wp--preset--spacing--60);padding-right:var(--wp--preset--spacing--30);padding-bottom:var(--wp--preset--spacing--60);padding-left:var(--wp--preset--spacing--30)\">\n<p class=\"has-text-align-center\"><strong>Tw\u00f3rczo\u015b\u0107<a href=\"https:\/\/galeriasztukiptneur.pl\/index.php\/prof-zw-dr-hab-maria-pachalska\/\"> <\/a><\/strong><\/p>\n\n\n\n<p class=\"has-text-align-center has-small-font-size\"><strong>Prof. zw. dr hab. Maria P\u0105chalsk<\/strong>a<\/p>\n<\/div>\n\n\n\n<div class=\"wp-block-group has-background has-global-padding is-layout-constrained wp-container-core-group-layout-2 wp-block-group-is-layout-constrained\" style=\"background-color:#dedede;padding-top:var(--wp--preset--spacing--60);padding-right:var(--wp--preset--spacing--30);padding-bottom:var(--wp--preset--spacing--60);padding-left:var(--wp--preset--spacing--30)\">\n<figure class=\"wp-block-image aligncenter size-full is-resized\"><img decoding=\"async\" width=\"648\" height=\"772\" src=\"https:\/\/galeriasztukiptneur.pl\/wp-content\/uploads\/2023\/11\/Zrzut-ekranu-2023-12-1-o-00.21.08.png\" alt=\"\" class=\"wp-image-15\" style=\"width:242px;height:auto\" srcset=\"https:\/\/galeriasztukiptneur.pl\/wp-content\/uploads\/2023\/11\/Zrzut-ekranu-2023-12-1-o-00.21.08.png 648w, https:\/\/galeriasztukiptneur.pl\/wp-content\/uploads\/2023\/11\/Zrzut-ekranu-2023-12-1-o-00.21.08-252x300.png 252w\" sizes=\"(max-width: 648px) 100vw, 648px\" \/><\/figure>\n\n\n\n<p class=\"has-text-align-center\">\u017byciorys naukowy  <\/p>\n\n\n\n<p class=\"has-text-align-center\">prof. zw. dr hab. Marii P\u0105chalskiej<br>Za\u0142o\u017cycielki i Prezesa Polskiego Towarzystwa Neuropsychologicznego<\/p>\n\n\n\n<p style=\"margin-top:0;margin-right:0;margin-bottom:0;margin-left:0;padding-right:0;padding-left:0;font-size:13px\"><br><\/p>\n\n\n\n<div class=\"wp-block-buttons is-content-justification-center is-layout-flex wp-container-core-buttons-layout-1 wp-block-buttons-is-layout-flex\">\n<div class=\"wp-block-button\"><a class=\"wp-block-button__link has-contrast-background-color has-background wp-element-button\" href=\"https:\/\/galeriasztukiptneur.pl\/wp-content\/uploads\/2023\/12\/ZYCIORYS-NAUKOWY-PROFESOR-MARII-PACHALSKIEJ.pdf\"><em>Czytaj wi\u0119cej<\/em><\/a><\/div>\n<\/div>\n<\/div>\n<\/div>\n\n\n\n<div class=\"wp-block-column is-vertically-aligned-center has-bright-color has-cyan-bluish-gray-background-color has-text-color has-background has-link-color has-bright-color has-cyan-bluish-gray-background-color wp-elements-c74294458cb9256e69871ed8b36be5f8 has-global-padding is-content-justification-center is-layout-constrained wp-block-column-is-layout-constrained\" style=\"padding-top:var(--wp--preset--spacing--40);padding-bottom:var(--wp--preset--spacing--40);flex-basis:80.66%\">\n<div class=\"wp-block-media-text has-media-on-the-right is-stacked-on-mobile\"><div class=\"wp-block-media-text__content\">\n<p class=\"has-text-align-center\"><a href=\"https:\/\/galeriasztukiptneur.pl\/index.php\/moralitet-o-swietym-z-czasow-pandemii\/\">Moralitet o \u015bwi\u0119tym z czas\u00f3w pandemii          Ksi\u0119dzu Giuseppe Berardelli<\/a><\/p>\n<\/div><figure class=\"wp-block-media-text__media\"><img decoding=\"async\" width=\"522\" height=\"286\" src=\"https:\/\/galeriasztukiptneur.pl\/wp-content\/uploads\/2023\/12\/Zrzut-ekranu-2023-12-1-o-10.36.48.png\" alt=\"\" class=\"wp-image-180 size-full\" srcset=\"https:\/\/galeriasztukiptneur.pl\/wp-content\/uploads\/2023\/12\/Zrzut-ekranu-2023-12-1-o-10.36.48.png 522w, https:\/\/galeriasztukiptneur.pl\/wp-content\/uploads\/2023\/12\/Zrzut-ekranu-2023-12-1-o-10.36.48-300x164.png 300w\" sizes=\"(max-width: 522px) 100vw, 522px\" \/><\/figure><\/div>\n\n\n\n<hr class=\"wp-block-separator has-alpha-channel-opacity\"\/>\n\n\n\n<div class=\"wp-block-media-text is-stacked-on-mobile\"><figure class=\"wp-block-media-text__media\"><img loading=\"lazy\" decoding=\"async\" width=\"526\" height=\"800\" src=\"https:\/\/galeriasztukiptneur.pl\/wp-content\/uploads\/2023\/12\/Zrzut-ekranu-2023-12-1-o-13.23.41.png\" alt=\"\" class=\"wp-image-196 size-full\" srcset=\"https:\/\/galeriasztukiptneur.pl\/wp-content\/uploads\/2023\/12\/Zrzut-ekranu-2023-12-1-o-13.23.41.png 526w, https:\/\/galeriasztukiptneur.pl\/wp-content\/uploads\/2023\/12\/Zrzut-ekranu-2023-12-1-o-13.23.41-197x300.png 197w\" sizes=\"(max-width: 526px) 100vw, 526px\" \/><\/figure><div class=\"wp-block-media-text__content\">\n<p class=\"has-text-align-center\"><a href=\"https:\/\/galeriasztukiptneur.pl\/index.php\/suplika-do-rozpaczylekarzowi-walczacemu-z-koronawirusem\/\">Suplika do Rozpaczy<\/a><\/p>\n<\/div><\/div>\n\n\n\n<hr class=\"wp-block-separator has-alpha-channel-opacity\"\/>\n\n\n\n<div class=\"wp-block-media-text has-media-on-the-right is-stacked-on-mobile\"><div class=\"wp-block-media-text__content\">\n<p class=\"has-text-align-center\" style=\"font-size:clamp(14px, 0.875rem + ((1vw - 3.2px) * 0.341), 17px);\"><a href=\"https:\/\/galeriasztukiptneur.pl\/index.php\/miedzy-rozpacza-a-nadzieja-pielegniarce-z-puszczykowa-walczacej-z-koronawirusem\/\">  Mi\u0119dzy rozpacz\u0105 a nadziej\u0105                                                                                                               Piel\u0119gniarce z Puszczykowa walcz\u0105cej z koronawirusem<\/a><\/p>\n<\/div><figure class=\"wp-block-media-text__media\"><img loading=\"lazy\" decoding=\"async\" width=\"452\" height=\"688\" src=\"https:\/\/galeriasztukiptneur.pl\/wp-content\/uploads\/2023\/12\/Zrzut-ekranu-2023-12-1-o-13.40.20-1.png\" alt=\"\" class=\"wp-image-207 size-full\" srcset=\"https:\/\/galeriasztukiptneur.pl\/wp-content\/uploads\/2023\/12\/Zrzut-ekranu-2023-12-1-o-13.40.20-1.png 452w, https:\/\/galeriasztukiptneur.pl\/wp-content\/uploads\/2023\/12\/Zrzut-ekranu-2023-12-1-o-13.40.20-1-197x300.png 197w\" sizes=\"(max-width: 452px) 100vw, 452px\" \/><\/figure><\/div>\n\n\n\n<hr class=\"wp-block-separator has-alpha-channel-opacity\"\/>\n\n\n\n<div class=\"wp-block-media-text is-stacked-on-mobile has-bright-background-color has-background\"><figure class=\"wp-block-media-text__media\"><img loading=\"lazy\" decoding=\"async\" width=\"488\" height=\"604\" src=\"https:\/\/galeriasztukiptneur.pl\/wp-content\/uploads\/2023\/12\/Zrzut-ekranu-2023-12-1-o-14.33.31-1.png\" alt=\"\" class=\"wp-image-220 size-full\" srcset=\"https:\/\/galeriasztukiptneur.pl\/wp-content\/uploads\/2023\/12\/Zrzut-ekranu-2023-12-1-o-14.33.31-1.png 488w, https:\/\/galeriasztukiptneur.pl\/wp-content\/uploads\/2023\/12\/Zrzut-ekranu-2023-12-1-o-14.33.31-1-242x300.png 242w\" sizes=\"(max-width: 488px) 100vw, 488px\" \/><\/figure><div class=\"wp-block-media-text__content\">\n<p class=\"has-contrast-color has-text-color has-link-color wp-elements-77d28898a9b78d3b874b6d37d4fd76f8\"><strong>&nbsp;&nbsp;<a href=\"https:\/\/galeriasztukiptneur.pl\/index.php\/cicho-cicho\/\">Cicho, cicho\u2026<\/a>  &nbsp; &nbsp; &nbsp; &nbsp; &nbsp; &nbsp; &nbsp; &nbsp; &nbsp; &nbsp; &nbsp; &nbsp; &nbsp; &nbsp; &nbsp; &nbsp; &nbsp; &nbsp; &nbsp; &nbsp; &nbsp;<\/strong><em>Ani&nbsp; Gibek<\/em><\/p>\n<\/div><\/div>\n\n\n\n<hr class=\"wp-block-separator has-alpha-channel-opacity\"\/>\n\n\n\n<div class=\"wp-block-media-text has-media-on-the-right is-stacked-on-mobile\"><div class=\"wp-block-media-text__content\">\n<p><a href=\"https:\/\/galeriasztukiptneur.pl\/index.php\/223-2\/\">Pozosta\u0144 w domu<br>       Bezdomnej Kasi<\/a><\/p>\n<\/div><figure class=\"wp-block-media-text__media\"><img loading=\"lazy\" decoding=\"async\" width=\"536\" height=\"718\" src=\"https:\/\/galeriasztukiptneur.pl\/wp-content\/uploads\/2023\/12\/Zrzut-ekranu-2023-12-1-o-14.47.12.png\" alt=\"\" class=\"wp-image-224 size-full\" srcset=\"https:\/\/galeriasztukiptneur.pl\/wp-content\/uploads\/2023\/12\/Zrzut-ekranu-2023-12-1-o-14.47.12.png 536w, https:\/\/galeriasztukiptneur.pl\/wp-content\/uploads\/2023\/12\/Zrzut-ekranu-2023-12-1-o-14.47.12-224x300.png 224w\" sizes=\"(max-width: 536px) 100vw, 536px\" \/><\/figure><\/div>\n\n\n\n<hr class=\"wp-block-separator has-alpha-channel-opacity\"\/>\n\n\n\n<div class=\"wp-block-media-text has-media-on-the-right is-stacked-on-mobile\"><div class=\"wp-block-media-text__content\">\n<p><a href=\"https:\/\/galeriasztukiptneur.pl\/index.php\/czarne-maki-janinie-maj-pielegniarce-ktora-przegrala-walke-z-covid-19\/\">Czarne maki<\/a><\/p>\n\n\n\n<p style=\"font-size:clamp(14px, 0.875rem + ((1vw - 3.2px) * 0.114), 15px);\"><em>  Janinie Maj, piel\u0119gniarce, kt\u00f3ra przegra\u0142a  walk\u0119 z Covid-19<\/em><\/p>\n<\/div><figure class=\"wp-block-media-text__media\"><img loading=\"lazy\" decoding=\"async\" width=\"392\" height=\"576\" src=\"https:\/\/galeriasztukiptneur.pl\/wp-content\/uploads\/2023\/12\/Zrzut-ekranu-2023-12-1-o-15.24.23-1.png\" alt=\"\" class=\"wp-image-234 size-full\" srcset=\"https:\/\/galeriasztukiptneur.pl\/wp-content\/uploads\/2023\/12\/Zrzut-ekranu-2023-12-1-o-15.24.23-1.png 392w, https:\/\/galeriasztukiptneur.pl\/wp-content\/uploads\/2023\/12\/Zrzut-ekranu-2023-12-1-o-15.24.23-1-204x300.png 204w\" sizes=\"(max-width: 392px) 100vw, 392px\" \/><\/figure><\/div>\n<\/div>\n<\/div>\n<\/div>\n<\/main>\n","protected":false},"excerpt":{"rendered":"<p>Tw\u00f3rczo\u015b\u0107 Prof. zw. dr hab. Maria P\u0105chalska \u017byciorys naukowy prof. zw. dr hab. Marii P\u0105chalskiejZa\u0142o\u017cycielki i Prezesa Polskiego Towarzystwa Neuropsychologicznego Moralitet o \u015bwi\u0119tym z czas\u00f3w pandemii Ksi\u0119dzu Giuseppe Berardelli Suplika do Rozpaczy Mi\u0119dzy rozpacz\u0105 a nadziej\u0105 Piel\u0119gniarce z Puszczykowa walcz\u0105cej z koronawirusem &nbsp;&nbsp;Cicho, cicho\u2026 &nbsp; &nbsp; &nbsp; &nbsp; &nbsp; &nbsp; &nbsp; &nbsp; &nbsp; &nbsp; &nbsp; [&hellip;]<\/p>\n","protected":false},"author":1,"featured_media":0,"parent":0,"menu_order":0,"comment_status":"closed","ping_status":"closed","template":"","meta":{"_editorskit_title_hidden":false,"_editorskit_reading_time":0,"_editorskit_is_block_options_detached":false,"_editorskit_block_options_position":"{}","footnotes":""},"_links":{"self":[{"href":"https:\/\/galeriasztukiptneur.pl\/index.php\/wp-json\/wp\/v2\/pages\/138"}],"collection":[{"href":"https:\/\/galeriasztukiptneur.pl\/index.php\/wp-json\/wp\/v2\/pages"}],"about":[{"href":"https:\/\/galeriasztukiptneur.pl\/index.php\/wp-json\/wp\/v2\/types\/page"}],"author":[{"embeddable":true,"href":"https:\/\/galeriasztukiptneur.pl\/index.php\/wp-json\/wp\/v2\/users\/1"}],"replies":[{"embeddable":true,"href":"https:\/\/galeriasztukiptneur.pl\/index.php\/wp-json\/wp\/v2\/comments?post=138"}],"version-history":[{"count":23,"href":"https:\/\/galeriasztukiptneur.pl\/index.php\/wp-json\/wp\/v2\/pages\/138\/revisions"}],"predecessor-version":[{"id":272,"href":"https:\/\/galeriasztukiptneur.pl\/index.php\/wp-json\/wp\/v2\/pages\/138\/revisions\/272"}],"wp:attachment":[{"href":"https:\/\/galeriasztukiptneur.pl\/index.php\/wp-json\/wp\/v2\/media?parent=138"}],"curies":[{"name":"wp","href":"https:\/\/api.w.org\/{rel}","templated":true}]}}